{"id":918,"date":"2023-09-12T13:07:36","date_gmt":"2023-09-12T11:07:36","guid":{"rendered":"https:\/\/xn--karlheinz-bhm-schule-ebc.de\/?page_id=918"},"modified":"2026-04-29T11:11:24","modified_gmt":"2026-04-29T10:11:24","slug":"downloads","status":"publish","type":"page","link":"https:\/\/xn--karlheinz-bhm-schule-ebc.de\/?page_id=918","title":{"rendered":"Downloads"},"content":{"rendered":"\n<p><strong>Belehrungen<\/strong><\/p>\n\n\n\n<p><a href=\"https:\/\/xn--karlheinz-bhm-schule-ebc.de\/wp-content\/uploads\/2024\/08\/Belehrungen_zum_Schuljahresbeginn.pdf\" target=\"_blank\" rel=\"noreferrer noopener\">Belehrungen zum Schuljahresbeginn<\/a><\/p>\n\n\n\n<hr class=\"wp-block-separator has-alpha-channel-opacity\"\/>\n\n\n\n<p><strong>Beurlaubung<\/strong><\/p>\n\n\n\n<p><a href=\"https:\/\/xn--karlheinz-bhm-schule-ebc.de\/wp-content\/uploads\/2024\/09\/beurlaubung_schueler.pdf\" target=\"_blank\" rel=\"noreferrer noopener\">Formular zur Beurlaubung einer Sch\u00fclerin \/ eines Sch\u00fclers<\/a><\/p>\n\n\n\n<hr class=\"wp-block-separator has-alpha-channel-opacity\"\/>\n\n\n\n<p><strong>Bildung und Teilhabe<\/strong><\/p>\n\n\n\n<p><a href=\"https:\/\/www.werra-meissner-kreis.de\/fileadmin\/01_Homepage_Kreisverwaltung\/Fachbereiche_und_Einrichtungen\/FB6_Soziales_und_Senioren\/6.1_Sicherung_Aktivierung_der_Lebensgrundlagen\/Flyer_6seitig_Bildung_Teilhabe_08_24.pdf\" target=\"_blank\" rel=\"noreferrer noopener\">Flyer \u201eBildungs- und Teilhabepaket\u201c (Deutsch)<\/a><\/p>\n\n\n\n<p><a href=\"https:\/\/www.werra-meissner-kreis.de\/fileadmin\/01_Homepage_Kreisverwaltung\/Fachbereiche_und_Einrichtungen\/FB6_Soziales_und_Senioren\/6.1_Sicherung_Aktivierung_der_Lebensgrundlagen\/BuT-Antrag-WMK_Stand_11_23.pdf\" target=\"_blank\" rel=\"noreferrer noopener\">Antrag bei Kinderzuschlag und Wohngeld<\/a><\/p>\n\n\n\n<p><a href=\"https:\/\/www.werra-meissner-kreis.de\/fileadmin\/01_Homepage_Kreisverwaltung\/Fachbereiche_und_Einrichtungen\/FB6_Soziales_und_Senioren\/6.1_Sicherung_Aktivierung_der_Lebensgrundlagen\/AnlageA_Stand_12_23.pdf\" target=\"_blank\" rel=\"noreferrer noopener\">Anlage A &#8211; Bescheinigung Ausflug<\/a><\/p>\n\n\n\n<p><a href=\"https:\/\/www.werra-meissner-kreis.de\/fileadmin\/01_Homepage_Kreisverwaltung\/Fachbereiche_und_Einrichtungen\/FB6_Soziales_und_Senioren\/6.1_Sicherung_Aktivierung_der_Lebensgrundlagen\/AnlageL1_Stand_12_23.pdf\" target=\"_blank\" rel=\"noreferrer noopener\">Anlage L1 &#8211; Best\u00e4tigung der Schule Lernf\u00f6rderbedarf<\/a><\/p>\n\n\n\n<p><a href=\"https:\/\/www.werra-meissner-kreis.de\/fileadmin\/01_Homepage_Kreisverwaltung\/Fachbereiche_und_Einrichtungen\/FB6_Soziales_und_Senioren\/6.1_Sicherung_Aktivierung_der_Lebensgrundlagen\/AnlageL2_Stand_12_23.pdf\" target=\"_blank\" rel=\"noreferrer noopener\">Anlage L2 &#8211; Best\u00e4tigung des Anbieters Lernf\u00f6rderung<\/a><\/p>\n\n\n\n<p><a href=\"https:\/\/www.werra-meissner-kreis.de\/fileadmin\/01_Homepage_Kreisverwaltung\/Fachbereiche_und_Einrichtungen\/FB6_Soziales_und_Senioren\/6.1_Sicherung_Aktivierung_der_Lebensgrundlagen\/AnlageL3_Stand_12_23.pdf\" target=\"_blank\" rel=\"noreferrer noopener\">Anlage L3 &#8211; Pers\u00f6nliche Versicherung<\/a><\/p>\n\n\n\n<p><a href=\"https:\/\/www.werra-meissner-kreis.de\/fileadmin\/01_Homepage_Kreisverwaltung\/Fachbereiche_und_Einrichtungen\/FB6_Soziales_und_Senioren\/6.1_Sicherung_Aktivierung_der_Lebensgrundlagen\/AnlageT_Stand_12_23.pdf\" target=\"_blank\" rel=\"noreferrer noopener\">Anlage T &#8211; Best\u00e4tigung Teilhabeleistungen<\/a><\/p>\n\n\n\n<p><a href=\"https:\/\/www.werra-meissner-kreis.de\/fileadmin\/01_Homepage_Kreisverwaltung\/Fachbereiche_und_Einrichtungen\/FB6_Soziales_und_Senioren\/6.1_Sicherung_Aktivierung_der_Lebensgrundlagen\/AnlageM_Stand_07_23.pdf\" target=\"_blank\" rel=\"noreferrer noopener\">Anlage M &#8211; Mittagsverpflegung<\/a><\/p>\n\n\n\n<hr class=\"wp-block-separator has-alpha-channel-opacity\"\/>\n\n\n\n<p><strong>Einschulungsformulare<\/strong><\/p>\n\n\n\n<p><a href=\"https:\/\/xn--karlheinz-bhm-schule-ebc.de\/wp-content\/uploads\/2024\/09\/Anmeldung_Schulanfaenger.pdf\" target=\"_blank\" rel=\"noreferrer noopener\">Anmeldung<\/a><\/p>\n\n\n\n<p><a href=\"https:\/\/xn--karlheinz-bhm-schule-ebc.de\/wp-content\/uploads\/2025\/03\/Datenschutz_Erklaerung_lang.pdf\" target=\"_blank\" rel=\"noreferrer noopener\">Datenschutz-Erkl\u00e4rung (lang)<\/a><\/p>\n\n\n\n<p><a href=\"https:\/\/xn--karlheinz-bhm-schule-ebc.de\/wp-content\/uploads\/2025\/03\/Datenschutz_Erklaerung_kurz.pdf\" target=\"_blank\" rel=\"noreferrer noopener\">Datenschutz-Erkl\u00e4rung (kurz)<\/a><\/p>\n\n\n\n<p><a href=\"https:\/\/xn--karlheinz-bhm-schule-ebc.de\/wp-content\/uploads\/2025\/03\/Datenschutz_Merkblatt.pdf\" target=\"_blank\" rel=\"noreferrer noopener\">Datenschutz Merkblatt<\/a><\/p>\n\n\n\n<p><a href=\"https:\/\/xn--karlheinz-bhm-schule-ebc.de\/wp-content\/uploads\/2025\/03\/Religionszugehoerigkeit.pdf\" data-type=\"link\" data-id=\"https:\/\/karlheinz-b\u00f6hm-schule.de\/wp-content\/uploads\/2024\/03\/Religionszugehoerigkeit.pdf\" target=\"_blank\" rel=\"noreferrer noopener\">Religionszugeh\u00f6rigkeit<\/a><\/p>\n\n\n\n<p><a href=\"https:\/\/xn--karlheinz-bhm-schule-ebc.de\/wp-content\/uploads\/2025\/03\/Schweigepflichtentbindung.pdf\" target=\"_blank\" rel=\"noreferrer noopener\">Schweigepflichtsentbindung<\/a><\/p>\n\n\n\n<p><a href=\"https:\/\/xn--karlheinz-bhm-schule-ebc.de\/wp-content\/uploads\/2025\/03\/Dokumentationshilfe_Masernschutz.pdf\" target=\"_blank\" rel=\"noreferrer noopener\">Nachweis Masernschutz<\/a><\/p>\n\n\n\n<hr class=\"wp-block-separator has-alpha-channel-opacity\"\/>\n\n\n\n<p><strong>Gestattung<\/strong><\/p>\n\n\n\n<p><a href=\"https:\/\/xn--karlheinz-bhm-schule-ebc.de\/wp-content\/uploads\/2026\/04\/Gestattungsantrag_Grundschule.pdf\" target=\"_blank\" rel=\"noreferrer noopener\">Anmeldung<\/a><\/p>\n\n\n\n<hr class=\"wp-block-separator has-alpha-channel-opacity\"\/>\n\n\n\n<p><strong>Kopfl\u00e4use<\/strong><\/p>\n\n\n\n<p><a href=\"https:\/\/xn--karlheinz-bhm-schule-ebc.de\/wp-content\/uploads\/2024\/09\/Erklaerung_Behandlung.pdf\" target=\"_blank\" rel=\"noreferrer noopener\">Erkl\u00e4rung Behandlung<\/a><\/p>\n\n\n\n<p><a href=\"https:\/\/xn--karlheinz-bhm-schule-ebc.de\/wp-content\/uploads\/2024\/09\/Handreichung_WMK.pdf\" target=\"_blank\" rel=\"noreferrer noopener\">Handreichung Gesundheitsamt<\/a><\/p>\n\n\n\n<hr class=\"wp-block-separator has-alpha-channel-opacity\"\/>\n\n\n\n<p><strong>R\u00fccktritt<\/strong><\/p>\n\n\n\n<p><a href=\"https:\/\/xn--karlheinz-bhm-schule-ebc.de\/wp-content\/uploads\/2026\/01\/Antrag_freiwilliger_Ruecktritt.pdf\" target=\"_blank\" rel=\"noreferrer noopener\">Antrag freiwilliger R\u00fccktritt<\/a> (R\u00fccknahme)<\/p>\n\n\n\n<hr class=\"wp-block-separator has-alpha-channel-opacity\"\/>\n\n\n\n<p><strong>Schweigepflichtentbindung<\/strong><\/p>\n\n\n\n<p><a href=\"https:\/\/xn--karlheinz-bhm-schule-ebc.de\/wp-content\/uploads\/2025\/03\/Schweigepflichtentbindung_allgemein.pdf\" target=\"_blank\" rel=\"noreferrer noopener\">Zustimmung Eltern<\/a><\/p>\n\n\n\n<hr class=\"wp-block-separator has-alpha-channel-opacity\"\/>\n\n\n\n<p><strong>Sch\u00fclerbef\u00f6rderung \/ Sch\u00fclertickets \/ Jahreskarte<\/strong><\/p>\n\n\n\n<p><a href=\"https:\/\/xn--karlheinz-bhm-schule-ebc.de\/wp-content\/uploads\/2026\/04\/Handbuch_Schuelerbefoerderung.pdf\" target=\"_blank\" rel=\"noreferrer noopener\">Handbuch<\/a><\/p>\n\n\n\n<p><a href=\"https:\/\/xn--karlheinz-bhm-schule-ebc.de\/wp-content\/uploads\/2026\/04\/Grundantrag.pdf\" target=\"_blank\" rel=\"noreferrer noopener\">Grundantrag<\/a> | <a href=\"https:\/\/xn--karlheinz-bhm-schule-ebc.de\/wp-content\/uploads\/2026\/04\/Merkbatt_Grundantrag.pdf\" target=\"_blank\" rel=\"noreferrer noopener\">Merkblatt Grundantrag<\/a><\/p>\n\n\n\n<hr class=\"wp-block-separator has-alpha-channel-opacity\"\/>\n\n\n\n<p><strong>Weiterf\u00fchrende Schulen<\/strong><\/p>\n\n\n\n<p><a rel=\"noreferrer noopener\" href=\"https:\/\/xn--karlheinz-bhm-schule-ebc.de\/wp-content\/uploads\/2023\/09\/Uebergang.pdf\" target=\"_blank\">Flyer \u00dcbergang Klasse 4 -&gt; Klasse 5<\/a><\/p>\n\n\n\n<hr class=\"wp-block-separator has-alpha-channel-opacity\"\/>\n\n\n\n<p><\/p>\n","protected":false},"excerpt":{"rendered":"<p>Belehrungen Belehrungen zum Schuljahresbeginn Beurlaubung Formular zur Beurlaubung einer Sch\u00fclerin \/ eines Sch\u00fclers Bildung und Teilhabe Flyer \u201eBildungs- und Teilhabepaket\u201c (Deutsch) Antrag bei Kinderzuschlag und Wohngeld Anlage A &#8211; Bescheinigung Ausflug Anlage L1 &#8211; Best\u00e4tigung der Schule Lernf\u00f6rderbedarf Anlage L2 &#8211; Best\u00e4tigung des Anbieters Lernf\u00f6rderung Anlage L3 &#8211; Pers\u00f6nliche Versicherung Anlage T &#8211; Best\u00e4tigung Teilhabeleistungen [&hellip;]<\/p>\n","protected":false},"author":3,"featured_media":0,"parent":0,"menu_order":0,"comment_status":"closed","ping_status":"closed","template":"","meta":{"inline_featured_image":false,"footnotes":""},"class_list":["post-918","page","type-page","status-publish","hentry"],"_links":{"self":[{"href":"https:\/\/xn--karlheinz-bhm-schule-ebc.de\/index.php?rest_route=\/wp\/v2\/pages\/918","targetHints":{"allow":["GET"]}}],"collection":[{"href":"https:\/\/xn--karlheinz-bhm-schule-ebc.de\/index.php?rest_route=\/wp\/v2\/pages"}],"about":[{"href":"https:\/\/xn--karlheinz-bhm-schule-ebc.de\/index.php?rest_route=\/wp\/v2\/types\/page"}],"author":[{"embeddable":true,"href":"https:\/\/xn--karlheinz-bhm-schule-ebc.de\/index.php?rest_route=\/wp\/v2\/users\/3"}],"replies":[{"embeddable":true,"href":"https:\/\/xn--karlheinz-bhm-schule-ebc.de\/index.php?rest_route=%2Fwp%2Fv2%2Fcomments&post=918"}],"version-history":[{"count":38,"href":"https:\/\/xn--karlheinz-bhm-schule-ebc.de\/index.php?rest_route=\/wp\/v2\/pages\/918\/revisions"}],"predecessor-version":[{"id":1743,"href":"https:\/\/xn--karlheinz-bhm-schule-ebc.de\/index.php?rest_route=\/wp\/v2\/pages\/918\/revisions\/1743"}],"wp:attachment":[{"href":"https:\/\/xn--karlheinz-bhm-schule-ebc.de\/index.php?rest_route=%2Fwp%2Fv2%2Fmedia&parent=918"}],"curies":[{"name":"wp","href":"https:\/\/api.w.org\/{rel}","templated":true}]}}